{"id":842,"date":"2020-01-10T19:48:36","date_gmt":"2020-01-10T18:48:36","guid":{"rendered":"https:\/\/test.feuerwehr-alsbach.de\/?page_id=842"},"modified":"2022-11-07T22:35:37","modified_gmt":"2022-11-07T21:35:37","slug":"wache","status":"publish","type":"page","link":"https:\/\/www.feuerwehr-alsbach.de\/?page_id=842","title":{"rendered":"Wache"},"content":{"rendered":"<p><div class=\"fusion-fullwidth fullwidth-box fusion-builder-row-1 nonhundred-percent-fullwidth non-hundred-percent-height-scrolling\" style=\"--awb-border-radius-top-left:0px;--awb-border-radius-top-right:0px;--awb-border-radius-bottom-right:0px;--awb-border-radius-bottom-left:0px;--awb-flex-wrap:wrap;\" ><div class=\"fusion-builder-row fusion-row\"><div class=\"fusion-layout-column fusion_builder_column fusion-builder-column-0 fusion_builder_column_1_1 1_1 fusion-one-full fusion-column-first fusion-column-last\" style=\"--awb-bg-size:cover;\"><div class=\"fusion-column-wrapper fusion-column-has-shadow fusion-flex-column-wrapper-legacy\"><div class=\"fusion-title title fusion-title-1 sep-underline sep-solid fusion-title-center fusion-title-text fusion-title-size-one\" style=\"--awb-margin-bottom:30px;--awb-margin-top-small:0px;--awb-margin-right-small:0px;--awb-margin-bottom-small:0px;--awb-margin-left-small:0px;\"><h1 class=\"fusion-title-heading title-heading-center\" style=\"margin:0;\"><p style=\"text-align: center;\"><i class=\"fb-icon-element-1 fb-icon-element fontawesome-icon fa fa-warehouse circle-no fusion-text-flow\" style=\"--awb-iconcolor:#c60000;--awb-iconcolor-hover:#c60000;--awb-font-size:40px;--awb-margin-right:10px;--awb-margin-bottom:12px;\"><\/i>Wache<\/p><\/h1><\/div><div class=\"fusion-clearfix\"><\/div><\/div><\/div><\/div><\/div><div class=\"fusion-fullwidth fullwidth-box fusion-builder-row-2 nonhundred-percent-fullwidth non-hundred-percent-height-scrolling\" style=\"--awb-border-radius-top-left:0px;--awb-border-radius-top-right:0px;--awb-border-radius-bottom-right:0px;--awb-border-radius-bottom-left:0px;--awb-flex-wrap:wrap;\" ><div class=\"fusion-builder-row fusion-row\"><div class=\"fusion-layout-column fusion_builder_column fusion-builder-column-1 fusion_builder_column_1_1 1_1 fusion-one-full fusion-column-first fusion-column-last\" style=\"--awb-bg-size:cover;\"><div class=\"fusion-column-wrapper fusion-column-has-shadow fusion-flex-column-wrapper-legacy\"><div class=\"fusion-image-element fusion-image-align-center in-legacy-container\" style=\"text-align:center;--awb-caption-title-font-family:var(--h2_typography-font-family);--awb-caption-title-font-weight:var(--h2_typography-font-weight);--awb-caption-title-font-style:var(--h2_typography-font-style);--awb-caption-title-size:var(--h2_typography-font-size);--awb-caption-title-transform:var(--h2_typography-text-transform);--awb-caption-title-line-height:var(--h2_typography-line-height);--awb-caption-title-letter-spacing:var(--h2_typography-letter-spacing);\"><div class=\"imageframe-align-center\"><span class=\" fusion-imageframe imageframe-none imageframe-1 hover-type-zoomin\" style=\"border-radius:4px;\"><img decoding=\"async\" width=\"2560\" height=\"695\" title=\"wache_tag\" src=\"https:\/\/www.feuerwehr-alsbach.de\/wp-content\/uploads\/2020\/01\/wache_tag-scaled.jpg\" alt class=\"img-responsive wp-image-575\" srcset=\"https:\/\/www.feuerwehr-alsbach.de\/wp-content\/uploads\/2020\/01\/wache_tag-200x54.jpg 200w, https:\/\/www.feuerwehr-alsbach.de\/wp-content\/uploads\/2020\/01\/wache_tag-400x109.jpg 400w, https:\/\/www.feuerwehr-alsbach.de\/wp-content\/uploads\/2020\/01\/wache_tag-600x163.jpg 600w, https:\/\/www.feuerwehr-alsbach.de\/wp-content\/uploads\/2020\/01\/wache_tag-800x217.jpg 800w, https:\/\/www.feuerwehr-alsbach.de\/wp-content\/uploads\/2020\/01\/wache_tag-1200x326.jpg 1200w, https:\/\/www.feuerwehr-alsbach.de\/wp-content\/uploads\/2020\/01\/wache_tag-scaled.jpg 2560w\" sizes=\"(max-width: 800px) 100vw, 1200px\" \/><\/span><\/div><\/div><div class=\"fusion-sep-clear\"><\/div><div class=\"fusion-separator fusion-full-width-sep\" style=\"margin-left: auto;margin-right: auto;margin-top:10px;margin-bottom:10px;width:100%;\"><\/div><div class=\"fusion-sep-clear\"><\/div><div class=\"fusion-title title fusion-title-2 sep-underline sep-solid fusion-title-text fusion-title-size-two\" style=\"--awb-margin-top-small:0px;--awb-margin-right-small:0px;--awb-margin-bottom-small:0px;--awb-margin-left-small:0px;\"><h2 class=\"fusion-title-heading title-heading-left\" style=\"margin:0;\"><i class=\"fb-icon-element-2 fb-icon-element fontawesome-icon fa fa-calendar-check circle-no fusion-text-flow\" style=\"--awb-iconcolor:#b31313;--awb-iconcolor-hover:#b31313;--awb-font-size:25px;--awb-margin-right:12.5px;\"><\/i>Dienstzeiten<\/p><\/h2><\/div><div class=\"fusion-sep-clear\"><\/div><div class=\"fusion-separator fusion-full-width-sep\" style=\"margin-left: auto;margin-right: auto;margin-top:10px;margin-bottom:20px;width:100%;\"><\/div><div class=\"fusion-sep-clear\"><\/div><div class=\"fusion-content-boxes content-boxes columns row fusion-columns-5 fusion-columns-total-5 fusion-content-boxes-1 content-boxes-icon-boxed content-left\" style=\"--awb-body-color:#725151;--awb-margin-top:0px;--awb-hover-accent-color:#507291;--awb-circle-hover-accent-color:#507291;\" data-animationOffset=\"top-into-view\"><div style=\"--awb-backgroundcolor:rgba(96,96,96,0.12);\" class=\"fusion-column content-box-column content-box-column-1 col-lg-2 col-md-2 col-sm-2 fusion-content-box-hover content-box-column-first-in-row\"><div class=\"col content-box-wrapper content-wrapper-background content-wrapper-boxed link-area-link-icon link-type-text icon-hover-animation-fade fusion-animated\" data-animationType=\"zoomInDown\" data-animationDuration=\"0.5\" data-animationOffset=\"top-into-view\"><div class=\"heading heading-with-icon icon-left\"><a class=\"heading-link\" href=\"https:\/\/www.feuerwehr-alsbach.de\/?page_id=418\" target=\"_self\"><div class=\"icon\"><i style=\"border-color:#596f80;border-width:1px;background-color:#507291;box-sizing:content-box;height:42px;width:42px;line-height:42px;top:-71px;margin-left:-21px;border-radius:50%;font-size:21px;\" aria-hidden=\"true\" class=\"fontawesome-icon fa-fire-alt fas circle-yes\"><\/i><\/div><h2 class=\"content-box-heading\" style=\"--h2_typography-font-size:18px;line-height:23px;\">Einsatzabteilung<\/h2><\/a><\/div><div class=\"fusion-clearfix\"><\/div><div class=\"content-container\">\n<p>Dienstags<br \/>\n<span style=\"font-family: var(--body_typography-font-family); font-size: var(--body_typography-font-size); font-style: var(--body_typography-font-style,normal); font-weight: var(--body_typography-font-weight); letter-spacing: var(--body_typography-letter-spacing);\">19:00 \u2013 22:00 Uhr &amp;<\/span><\/p>\n<p>Samstags<br \/>\n13:30 \u2013 17:00 Uhr<\/p>\n<p><a href=\"https:\/\/www.feuerwehr-alsbach.de\/?page_id=609\">Terminplan &gt;<\/a><\/p>\n<\/div><\/div><\/div><div style=\"--awb-backgroundcolor:rgba(96,96,96,0.12);\" class=\"fusion-column content-box-column content-box-column-2 col-lg-2 col-md-2 col-sm-2 fusion-content-box-hover \"><div class=\"col content-box-wrapper content-wrapper-background content-wrapper-boxed link-area-link-icon link-type-text icon-hover-animation-fade fusion-animated\" data-animationType=\"zoomInDown\" data-animationDuration=\"0.5\" data-animationOffset=\"top-into-view\"><div class=\"heading heading-with-icon icon-left\"><a class=\"heading-link\" href=\"https:\/\/www.feuerwehr-alsbach.de\/?page_id=447\" target=\"_self\"><div class=\"icon\"><i style=\"border-color:#596f80;border-width:1px;background-color:#507291;box-sizing:content-box;height:42px;width:42px;line-height:42px;top:-71px;margin-left:-21px;border-radius:50%;font-size:21px;\" aria-hidden=\"true\" class=\"fontawesome-icon fa-user-friends fas circle-yes\"><\/i><\/div><h2 class=\"content-box-heading\" style=\"--h2_typography-font-size:18px;line-height:23px;\">Jugendfeuerwehr<\/h2><\/a><\/div><div class=\"fusion-clearfix\"><\/div><div class=\"content-container\">\n<p>Mittwochs<br \/>\n18:30 \u2013 20:00 Uhr<\/p>\n<p><a href=\"https:\/\/www.feuerwehr-alsbach.de\/?page_id=962\">Terminplan &gt;<\/a><\/p>\n<\/div><\/div><\/div><div style=\"--awb-backgroundcolor:rgba(96,96,96,0.12);\" class=\"fusion-column content-box-column content-box-column-3 col-lg-2 col-md-2 col-sm-2 fusion-content-box-hover \"><div class=\"col content-box-wrapper content-wrapper-background content-wrapper-boxed link-area-link-icon link-type-text icon-hover-animation-fade fusion-animated\" data-animationType=\"zoomInDown\" data-animationDuration=\"0.5\" data-animationOffset=\"top-into-view\"><div class=\"heading heading-with-icon icon-left\"><a class=\"heading-link\" href=\"https:\/\/www.feuerwehr-alsbach.de\/?page_id=456\" target=\"_self\"><div class=\"icon\"><i style=\"border-color:#596f80;border-width:1px;background-color:#507291;box-sizing:content-box;height:42px;width:42px;line-height:42px;top:-71px;margin-left:-21px;border-radius:50%;font-size:21px;\" aria-hidden=\"true\" class=\"fontawesome-icon fa-child fas circle-yes\"><\/i><\/div><h2 class=\"content-box-heading\" style=\"--h2_typography-font-size:18px;line-height:23px;\">Kinderfeuerwehr<\/h2><\/a><\/div><div class=\"fusion-clearfix\"><\/div><div class=\"content-container\">\n<p>1. + 3. Samstag im Monat<br \/>\n14:00 &#8211; 15:30 Uhr<\/p>\n<p><a href=\"https:\/\/www.feuerwehr-alsbach.de\/?page_id=965\">Terminplan &gt;<\/a><\/p>\n<\/div><\/div><\/div><div style=\"--awb-backgroundcolor:rgba(96,96,96,0.12);\" class=\"fusion-column content-box-column content-box-column-4 col-lg-2 col-md-2 col-sm-2 fusion-content-box-hover \"><div class=\"col content-box-wrapper content-wrapper-background content-wrapper-boxed link-area-link-icon link-type-text icon-hover-animation-fade fusion-animated\" data-animationType=\"zoomInDown\" data-animationDuration=\"0.5\" data-animationOffset=\"top-into-view\"><div class=\"heading heading-with-icon icon-left\"><a class=\"heading-link\" href=\"https:\/\/www.feuerwehr-alsbach.de\/?page_id=584\" target=\"_self\"><div class=\"icon\"><i style=\"border-color:#596f80;border-width:1px;background-color:#507291;box-sizing:content-box;height:42px;width:42px;line-height:42px;top:-71px;margin-left:-21px;border-radius:50%;font-size:21px;\" aria-hidden=\"true\" class=\"fontawesome-icon fa-drum fas circle-yes\"><\/i><\/div><h2 class=\"content-box-heading\" style=\"--h2_typography-font-size:18px;line-height:23px;\">Fanfarenzug<\/h2><\/a><\/div><div class=\"fusion-clearfix\"><\/div><div class=\"content-container\">\n<p>Donnerstags<br \/>\n20:00 &#8211; 22:00 Uhr<\/p>\n<p><a href=\"https:\/\/www.feuerwehr-alsbach.de\/?page_id=969\">Terminplan &gt;<\/a><\/p>\n<\/div><\/div><\/div><div style=\"--awb-backgroundcolor:rgba(96,96,96,0.12);\" class=\"fusion-column content-box-column content-box-column-5 col-lg-2 col-md-2 col-sm-2 fusion-content-box-hover content-box-column-last content-box-column-last-in-row\"><div class=\"col content-box-wrapper content-wrapper-background content-wrapper-boxed link-area-link-icon link-type-text icon-hover-animation-fade fusion-animated\" data-animationType=\"zoomInDown\" data-animationDuration=\"0.5\" data-animationOffset=\"top-into-view\"><div class=\"heading heading-with-icon icon-left\"><a class=\"heading-link\" href=\"https:\/\/www.feuerwehr-alsbach.de\/?page_id=465\" target=\"_self\"><div class=\"icon\"><i style=\"border-color:#596f80;border-width:1px;background-color:#507291;box-sizing:content-box;height:42px;width:42px;line-height:42px;top:-71px;margin-left:-21px;border-radius:50%;font-size:21px;\" aria-hidden=\"true\" class=\"fontawesome-icon fa-medal fas circle-yes\"><\/i><\/div><h2 class=\"content-box-heading\" style=\"--h2_typography-font-size:18px;line-height:23px;\">Ehren- und Altersabteilung<\/h2><\/a><\/div><div class=\"fusion-clearfix\"><\/div><div class=\"content-container\">\n<p><a href=\"https:\/\/www.feuerwehr-alsbach.de\/?page_id=973\">Terminplan &gt;<\/a><\/p>\n<p>&nbsp;<\/p>\n<\/div><\/div><\/div><div class=\"fusion-clearfix\"><\/div><\/div><div class=\"fusion-title title fusion-title-3 sep-underline sep-solid fusion-title-text fusion-title-size-two\" style=\"--awb-margin-top:20px;--awb-margin-top-small:0px;--awb-margin-right-small:0px;--awb-margin-bottom-small:0px;--awb-margin-left-small:0px;\"><h2 class=\"fusion-title-heading title-heading-left\" style=\"margin:0;\"><i class=\"fb-icon-element-3 fb-icon-element fontawesome-icon fa fa-door-open circle-no fusion-text-flow\" style=\"--awb-iconcolor:#b31313;--awb-iconcolor-hover:#b31313;--awb-font-size:25px;--awb-margin-right:12.5px;\"><\/i>Vorstellung der einzelnen R\u00e4ume<\/p><\/h2><\/div><div class=\"fusion-sep-clear\"><\/div><div class=\"fusion-separator fusion-full-width-sep\" style=\"margin-left: auto;margin-right: auto;margin-top:10px;width:100%;\"><\/div><div class=\"fusion-sep-clear\"><\/div><div class=\"fusion-tabs fusion-tabs-1 classic vertical-tabs icon-position-left mobile-mode-accordion\" style=\"--awb-title-border-radius-top-left:0px;--awb-title-border-radius-top-right:0px;--awb-title-border-radius-bottom-right:0px;--awb-title-border-radius-bottom-left:0px;--awb-inactive-color:#f1f2f2;--awb-background-color:#ffffff;--awb-border-color:#ebeaea;--awb-active-border-color:#e10707;\"><div class=\"nav\"><ul class=\"nav-tabs\" role=\"tablist\"><li class=\"active\" role=\"presentation\"><a class=\"tab-link\" data-toggle=\"tab\" role=\"tab\" aria-controls=\"tab-2b5c2961015099e8d25\" aria-selected=\"true\" id=\"fusion-tab-fahrzeughalle\" href=\"#tab-2b5c2961015099e8d25\"><h4 class=\"fusion-tab-heading\">Fahrzeughalle<\/h4><\/a><\/li><li role=\"presentation\"><a class=\"tab-link\" data-toggle=\"tab\" role=\"tab\" aria-controls=\"tab-41a603652d89714f794\" aria-selected=\"false\" tabindex=\"-1\" id=\"fusion-tab-atemschutzwerkstatt\" href=\"#tab-41a603652d89714f794\"><h4 class=\"fusion-tab-heading\">Atemschutzwerkstatt<\/h4><\/a><\/li><li role=\"presentation\"><a class=\"tab-link\" data-toggle=\"tab\" role=\"tab\" aria-controls=\"tab-0acc8abb56db52d762f\" aria-selected=\"false\" tabindex=\"-1\" id=\"fusion-tab-werkstatt\" href=\"#tab-0acc8abb56db52d762f\"><h4 class=\"fusion-tab-heading\">Werkstatt<\/h4><\/a><\/li><li role=\"presentation\"><a class=\"tab-link\" data-toggle=\"tab\" role=\"tab\" aria-controls=\"tab-bdc450c5e88cb8385d1\" aria-selected=\"false\" tabindex=\"-1\" id=\"fusion-tab-lager\" href=\"#tab-bdc450c5e88cb8385d1\"><h4 class=\"fusion-tab-heading\">Lager<\/h4><\/a><\/li><li role=\"presentation\"><a class=\"tab-link\" data-toggle=\"tab\" role=\"tab\" aria-controls=\"tab-a0e7248cfc92515b195\" aria-selected=\"false\" tabindex=\"-1\" id=\"fusion-tab-b\u00fcros\" href=\"#tab-a0e7248cfc92515b195\"><h4 class=\"fusion-tab-heading\">B\u00fcros<\/h4><\/a><\/li><li role=\"presentation\"><a class=\"tab-link\" data-toggle=\"tab\" role=\"tab\" aria-controls=\"tab-4797510c2e7f0b3088a\" aria-selected=\"false\" tabindex=\"-1\" id=\"fusion-tab-zentrale\" href=\"#tab-4797510c2e7f0b3088a\"><h4 class=\"fusion-tab-heading\">Zentrale<\/h4><\/a><\/li><li role=\"presentation\"><a class=\"tab-link\" data-toggle=\"tab\" role=\"tab\" aria-controls=\"tab-5b5fbdb29ff5af5f001\" aria-selected=\"false\" tabindex=\"-1\" id=\"fusion-tab-jugendraum\" href=\"#tab-5b5fbdb29ff5af5f001\"><h4 class=\"fusion-tab-heading\">Jugendraum<\/h4><\/a><\/li><li role=\"presentation\"><a class=\"tab-link\" data-toggle=\"tab\" role=\"tab\" aria-controls=\"tab-96b23fadf6e7b3e834e\" aria-selected=\"false\" tabindex=\"-1\" id=\"fusion-tab-kleiderkammer\" href=\"#tab-96b23fadf6e7b3e834e\"><h4 class=\"fusion-tab-heading\">Kleiderkammer<\/h4><\/a><\/li><li role=\"presentation\"><a class=\"tab-link\" data-toggle=\"tab\" role=\"tab\" aria-controls=\"tab-3ea9c1bb6a7b136820d\" aria-selected=\"false\" tabindex=\"-1\" id=\"fusion-tab-drk\" href=\"#tab-3ea9c1bb6a7b136820d\"><h4 class=\"fusion-tab-heading\">DRK<\/h4><\/a><\/li><li role=\"presentation\"><a class=\"tab-link\" data-toggle=\"tab\" role=\"tab\" aria-controls=\"tab-5bd6262687a316c0fb7\" aria-selected=\"false\" tabindex=\"-1\" id=\"fusion-tab-unterrichtsraum\" href=\"#tab-5bd6262687a316c0fb7\"><h4 class=\"fusion-tab-heading\">Unterrichtsraum<\/h4><\/a><\/li><li role=\"presentation\"><a class=\"tab-link\" data-toggle=\"tab\" role=\"tab\" aria-controls=\"tab-8af8f41e297b3f7658d\" aria-selected=\"false\" tabindex=\"-1\" id=\"fusion-tab-aufenthaltsraum\" href=\"#tab-8af8f41e297b3f7658d\"><h4 class=\"fusion-tab-heading\">Aufenthaltsraum<\/h4><\/a><\/li><li role=\"presentation\"><a class=\"tab-link\" data-toggle=\"tab\" role=\"tab\" aria-controls=\"tab-cd7c0ea46a5853d9e7a\" aria-selected=\"false\" tabindex=\"-1\" id=\"fusion-tab-au\u00dfenanlage\" href=\"#tab-cd7c0ea46a5853d9e7a\"><h4 class=\"fusion-tab-heading\">Au\u00dfenanlage<\/h4><\/a><\/li><li role=\"presentation\"><a class=\"tab-link\" data-toggle=\"tab\" role=\"tab\" aria-controls=\"tab-3cead938c95243d5678\" aria-selected=\"false\" tabindex=\"-1\" id=\"fusion-tab-keller\" href=\"#tab-3cead938c95243d5678\"><h4 class=\"fusion-tab-heading\">Keller<\/h4><\/a><\/li><\/ul><\/div><div class=\"tab-content\"><div class=\"nav fusion-mobile-tab-nav\"><ul class=\"nav-tabs\" role=\"tablist\"><li class=\"active\" role=\"presentation\"><a class=\"tab-link\" data-toggle=\"tab\" role=\"tab\" aria-controls=\"tab-2b5c2961015099e8d25\" aria-selected=\"true\" id=\"mobile-fusion-tab-fahrzeughalle\" href=\"#tab-2b5c2961015099e8d25\"><h4 class=\"fusion-tab-heading\">Fahrzeughalle<\/h4><\/a><\/li><\/ul><\/div><div class=\"tab-pane fade fusion-clearfix in active\" role=\"tabpanel\" tabindex=\"0\" aria-labelledby=\"fusion-tab-fahrzeughalle\" id=\"tab-2b5c2961015099e8d25\">\n<h2 style=\"text-align: center;\"><strong>Fahrzeughalle<\/strong><\/h2>\n<a class=\"awb-lightbox awb-lightbox-1\" href=\"https:\/\/www.feuerwehr-alsbach.de\/wp-content\/uploads\/2020\/01\/fahrzeughalle.jpg\" data-rel=\"iLightbox\"><img decoding=\"async\" src=\"https:\/\/www.feuerwehr-alsbach.de\/wp-content\/uploads\/2020\/01\/fahrzeughalle.jpg\"><\/a>Die Fahrzeughalle umfasst 7 Stellpl\u00e4tze. Neben den 6 Einsatzfahrzeugen der Feuerwehr befindet sich auch ein Fahrzeug der DRK OV Alsbach in der Halle. Damit die Fahrzeuge immer einsatzbereit sind, werden sie dauerhaft mit Strom versorgt. Die gr\u00f6\u00dferen Fahrzeuge haben zus\u00e4tzlich auch noch eine Druckluftversorgung. Im Einsatzfall werden die Einsatzinformationen inkl. Karte auf zwei Monitoren dargestellt und zus\u00e4tzlich ausgedruckt. Durch die Halle gibt es Zugangsm\u00f6glichkeiten zur Atemschutzwerkstatt, Werkstatt, Spinde, Lager und der Au\u00dfenanlage.<\/p>\n<\/div><div class=\"nav fusion-mobile-tab-nav\"><ul class=\"nav-tabs\" role=\"tablist\"><li role=\"presentation\"><a class=\"tab-link\" data-toggle=\"tab\" role=\"tab\" aria-controls=\"tab-41a603652d89714f794\" aria-selected=\"false\" tabindex=\"-1\" id=\"mobile-fusion-tab-atemschutzwerkstatt\" href=\"#tab-41a603652d89714f794\"><h4 class=\"fusion-tab-heading\">Atemschutzwerkstatt<\/h4><\/a><\/li><\/ul><\/div><div class=\"tab-pane fade fusion-clearfix\" role=\"tabpanel\" tabindex=\"0\" aria-labelledby=\"fusion-tab-atemschutzwerkstatt\" id=\"tab-41a603652d89714f794\">\n<h2 style=\"text-align: center;\"><strong>Atemschutzwerkstatt<\/strong><\/h2>\n<a class=\"awb-lightbox awb-lightbox-2\" href=\"https:\/\/www.feuerwehr-alsbach.de\/wp-content\/uploads\/2020\/01\/as_werkstatt.jpg\" data-rel=\"iLightbox\"><img decoding=\"async\" src=\"https:\/\/www.feuerwehr-alsbach.de\/wp-content\/uploads\/2020\/01\/as_werkstatt.jpg\"><\/a>In der Atemschutzwerkstatt werden durch unsere Ger\u00e4tewarte die Atemschutzger\u00e4te und Masken gereinigt und gepr\u00fcft. Weiterhin verf\u00fcgt die Feuerwehr \u00fcber einen Kompressor um die Atemluftflaschen wieder neu zu bef\u00fcllen. Zur Dokumentation aller Pr\u00fcfungen wird eine Software mit Barcodescanner verwendet.<\/p>\n<\/div><div class=\"nav fusion-mobile-tab-nav\"><ul class=\"nav-tabs\" role=\"tablist\"><li role=\"presentation\"><a class=\"tab-link\" data-toggle=\"tab\" role=\"tab\" aria-controls=\"tab-0acc8abb56db52d762f\" aria-selected=\"false\" tabindex=\"-1\" id=\"mobile-fusion-tab-werkstatt\" href=\"#tab-0acc8abb56db52d762f\"><h4 class=\"fusion-tab-heading\">Werkstatt<\/h4><\/a><\/li><\/ul><\/div><div class=\"tab-pane fade fusion-clearfix\" role=\"tabpanel\" tabindex=\"0\" aria-labelledby=\"fusion-tab-werkstatt\" id=\"tab-0acc8abb56db52d762f\">\n<h2 style=\"text-align: center;\"><strong>Werkstatt<\/strong><\/h2>\n<p>In der Werkstatt finden kleine Reparaturen durch unsere Ger\u00e4tewarte statt. Hierf\u00fcr stehen eine Vielzahl an verschiedenen Werkzeugen und Maschinen zur Verf\u00fcgung.<\/p>\n<\/div><div class=\"nav fusion-mobile-tab-nav\"><ul class=\"nav-tabs\" role=\"tablist\"><li role=\"presentation\"><a class=\"tab-link\" data-toggle=\"tab\" role=\"tab\" aria-controls=\"tab-bdc450c5e88cb8385d1\" aria-selected=\"false\" tabindex=\"-1\" id=\"mobile-fusion-tab-lager\" href=\"#tab-bdc450c5e88cb8385d1\"><h4 class=\"fusion-tab-heading\">Lager<\/h4><\/a><\/li><\/ul><\/div><div class=\"tab-pane fade fusion-clearfix\" role=\"tabpanel\" tabindex=\"0\" aria-labelledby=\"fusion-tab-lager\" id=\"tab-bdc450c5e88cb8385d1\">\n<h2 style=\"text-align: center;\"><strong>Lager<\/strong><\/h2>\n<a class=\"awb-lightbox awb-lightbox-3\" href=\"https:\/\/www.feuerwehr-alsbach.de\/wp-content\/uploads\/2020\/01\/lager.jpg\" data-rel=\"iLightbox\"><img decoding=\"async\" src=\"https:\/\/www.feuerwehr-alsbach.de\/wp-content\/uploads\/2020\/01\/lager.jpg\"><\/a>In unserem Lager befinden sich neben unseren Feuerwehrschl\u00e4uchen und Armaturen verschiedene Einsatzmittel f\u00fcr den GABC-Einsatz und die Absturzsicherung. Weiterhin wird hier \u00dcbungsmaterial der verschiedenen Abteilungen gelagert.<\/p>\n<\/div><div class=\"nav fusion-mobile-tab-nav\"><ul class=\"nav-tabs\" role=\"tablist\"><li role=\"presentation\"><a class=\"tab-link\" data-toggle=\"tab\" role=\"tab\" aria-controls=\"tab-a0e7248cfc92515b195\" aria-selected=\"false\" tabindex=\"-1\" id=\"mobile-fusion-tab-b\u00fcros\" href=\"#tab-a0e7248cfc92515b195\"><h4 class=\"fusion-tab-heading\">B\u00fcros<\/h4><\/a><\/li><\/ul><\/div><div class=\"tab-pane fade fusion-clearfix\" role=\"tabpanel\" tabindex=\"0\" aria-labelledby=\"fusion-tab-b\u00fcros\" id=\"tab-a0e7248cfc92515b195\">\n<h2 style=\"text-align: center;\"><strong>B\u00fcros<\/strong><\/h2>\n<p>Der Feuerwehrf\u00fchrung stehen f\u00fcr ihre Verwaltungsaufgaben zwei B\u00fcros zur Verf\u00fcgung. Das B\u00fcro des Gemeindebrandinspektors dient gleichzeitig als Stabsraum f\u00fcr gr\u00f6\u00dfere Einsatzlagen (z.B. Unwetter). In diesem Fall ist die Einsatzleitung nicht an den Einsatzstellen vor Ort, sondern Koordiniert die Einsatzstellen von der Wache aus. Als Unterst\u00fctzung hierf\u00fcr, steht eine Einsatzleitsoftware und verschiedene Monitore zur Verf\u00fcgung. Die B\u00fcros sind alle mit Computern ausgestattet um die Verwaltungsaufgaben erledigen zu k\u00f6nnen.<\/p>\n<\/div><div class=\"nav fusion-mobile-tab-nav\"><ul class=\"nav-tabs\" role=\"tablist\"><li role=\"presentation\"><a class=\"tab-link\" data-toggle=\"tab\" role=\"tab\" aria-controls=\"tab-4797510c2e7f0b3088a\" aria-selected=\"false\" tabindex=\"-1\" id=\"mobile-fusion-tab-zentrale\" href=\"#tab-4797510c2e7f0b3088a\"><h4 class=\"fusion-tab-heading\">Zentrale<\/h4><\/a><\/li><\/ul><\/div><div class=\"tab-pane fade fusion-clearfix\" role=\"tabpanel\" tabindex=\"0\" aria-labelledby=\"fusion-tab-zentrale\" id=\"tab-4797510c2e7f0b3088a\">\n<h2 style=\"text-align: center;\"><strong>Zentrale<\/strong><\/h2>\n<a class=\"awb-lightbox awb-lightbox-4\" href=\"https:\/\/www.feuerwehr-alsbach.de\/wp-content\/uploads\/2020\/01\/stromausfall_fuegr_2019_004.jpg\" data-rel=\"iLightbox\"><img decoding=\"async\" src=\"https:\/\/www.feuerwehr-alsbach.de\/wp-content\/uploads\/2020\/01\/stromausfall_fuegr_2019_004.jpg\"><\/a>Die Fernmeldezentrale dient der Kommunikation von der Wache zur Einsatzstelle und Leitstelle. Weiterhin werden hier R\u00fcckmeldungen entgegengenommen und in einer Software dokumentiert. Bei gr\u00f6\u00dferen Lagen (z.B. Unwetter) \u00fcbernimmt die Fernmeldezentrale die Annahme von Einsatzstellen und Weitergabe an die Einsatzleitung im Nebenraum.<\/p>\n<p>Zus\u00e4tzlich befindet sich in dem Raum noch ein Arbeitsplatz f\u00fcr Gruppen- und Zugf\u00fchrer. Dieser dient zur Vorbereitung von \u00dcbungen und f\u00fcr Verwaltungsaufgaben der verschiedenen <a href=\"https:\/\/www.feuerwehr-alsbach.de\/?page_id=435\">Fachbereiche<\/a>.<\/p>\n<\/div><div class=\"nav fusion-mobile-tab-nav\"><ul class=\"nav-tabs\" role=\"tablist\"><li role=\"presentation\"><a class=\"tab-link\" data-toggle=\"tab\" role=\"tab\" aria-controls=\"tab-5b5fbdb29ff5af5f001\" aria-selected=\"false\" tabindex=\"-1\" id=\"mobile-fusion-tab-jugendraum\" href=\"#tab-5b5fbdb29ff5af5f001\"><h4 class=\"fusion-tab-heading\">Jugendraum<\/h4><\/a><\/li><\/ul><\/div><div class=\"tab-pane fade fusion-clearfix\" role=\"tabpanel\" tabindex=\"0\" aria-labelledby=\"fusion-tab-jugendraum\" id=\"tab-5b5fbdb29ff5af5f001\">\n<h2 style=\"text-align: center;\"><strong>Jugendraum<\/strong><\/h2>\n<a class=\"awb-lightbox awb-lightbox-5\" href=\"https:\/\/www.feuerwehr-alsbach.de\/wp-content\/uploads\/2020\/01\/jugendraum.jpg\" data-rel=\"iLightbox\"><img decoding=\"async\" src=\"https:\/\/www.feuerwehr-alsbach.de\/wp-content\/uploads\/2020\/01\/jugendraum.jpg\"><\/a>Bei der Erweiterung des Ger\u00e4tehauses im Jahre 2000 wurde unter anderem auch ein Jugendraum eingerichtet. Er wird von den Jugendwarten und Betreuern f\u00fcr die Verwaltungsaufgaben und Besprechungen genutzt. Weiterhin finden hier teilweise auch Unterrichte der Jugendfeuerwehr statt.<\/p>\n<\/div><div class=\"nav fusion-mobile-tab-nav\"><ul class=\"nav-tabs\" role=\"tablist\"><li role=\"presentation\"><a class=\"tab-link\" data-toggle=\"tab\" role=\"tab\" aria-controls=\"tab-96b23fadf6e7b3e834e\" aria-selected=\"false\" tabindex=\"-1\" id=\"mobile-fusion-tab-kleiderkammer\" href=\"#tab-96b23fadf6e7b3e834e\"><h4 class=\"fusion-tab-heading\">Kleiderkammer<\/h4><\/a><\/li><\/ul><\/div><div class=\"tab-pane fade fusion-clearfix\" role=\"tabpanel\" tabindex=\"0\" aria-labelledby=\"fusion-tab-kleiderkammer\" id=\"tab-96b23fadf6e7b3e834e\">\n<h2 style=\"text-align: center;\"><strong>Kleiderkammer<\/strong><\/h2>\n<a class=\"awb-lightbox awb-lightbox-6\" href=\"https:\/\/www.feuerwehr-alsbach.de\/wp-content\/uploads\/2020\/01\/kleiderkammer.jpg\" data-rel=\"iLightbox\"><img decoding=\"async\" src=\"https:\/\/www.feuerwehr-alsbach.de\/wp-content\/uploads\/2020\/01\/kleiderkammer.jpg\"><\/a> In der Kleiderkammer wird Schutzkleidung und weitere pers\u00f6nliche Schutzausr\u00fcstung als Reserve und zum Tauschen nach einem Brandeinsatz vorgehalten.<\/p>\n<\/div><div class=\"nav fusion-mobile-tab-nav\"><ul class=\"nav-tabs\" role=\"tablist\"><li role=\"presentation\"><a class=\"tab-link\" data-toggle=\"tab\" role=\"tab\" aria-controls=\"tab-3ea9c1bb6a7b136820d\" aria-selected=\"false\" tabindex=\"-1\" id=\"mobile-fusion-tab-drk\" href=\"#tab-3ea9c1bb6a7b136820d\"><h4 class=\"fusion-tab-heading\">DRK<\/h4><\/a><\/li><\/ul><\/div><div class=\"tab-pane fade fusion-clearfix\" role=\"tabpanel\" tabindex=\"0\" aria-labelledby=\"fusion-tab-drk\" id=\"tab-3ea9c1bb6a7b136820d\">\n<h2 style=\"text-align: center;\"><strong>DRK-Raum<\/strong><\/h2>\n<a class=\"awb-lightbox awb-lightbox-7\" href=\"https:\/\/www.feuerwehr-alsbach.de\/wp-content\/uploads\/2020\/01\/drk_raum.jpg\" data-rel=\"iLightbox\"><img decoding=\"async\" src=\"https:\/\/www.feuerwehr-alsbach.de\/wp-content\/uploads\/2020\/01\/drk_raum.jpg\"><\/a>\n<p>Die DRK OV Alsbach nutzt diesen Raum zum einen f\u00fcr ihre Verwaltungst\u00e4tigkeiten. Aber haupts\u00e4chlich finden hier die Unterrichte des Jugendrotkreuzes und der Bereitschaft statt. Die Bereitschaft des DRK versorgt Sanit\u00e4tsdienste, Eins\u00e4tze und seit neustem das Helfer vor Ort System f\u00fcr die Gemeinden Alsbach-H\u00e4hnlein und Bickenbach.<\/p>\n<p>Weitere Informationen gibt es hier:<\/p>\n<p><a href=\"https:\/\/www.drk-alsbach.de\/\" target=\"_blank\" rel=\"noopener noreferrer\"><i class=\"fb-icon-element-4 fb-icon-element fontawesome-icon fa-globe fas circle-no fusion-text-flow\" style=\"--awb-iconcolor:gray;--awb-iconcolor-hover:gray;--awb-font-size:24px;--awb-margin-right:12px;\"><\/i><\/a><\/p>\n<div class=\"fusion-social-links fusion-social-links-1\" style=\"--awb-margin-top:0px;--awb-margin-right:0px;--awb-margin-bottom:0px;--awb-margin-left:0px;--awb-box-border-top:0px;--awb-box-border-right:0px;--awb-box-border-bottom:0px;--awb-box-border-left:0px;--awb-icon-colors-hover:rgba(190,189,189,0.8);--awb-box-colors-hover:rgba(232,232,232,0.8);--awb-box-border-color:var(--awb-color3);--awb-box-border-color-hover:var(--awb-color4);\"><div class=\"fusion-social-networks color-type-custom\"><div class=\"fusion-social-networks-wrapper\"><a class=\"fusion-social-network-icon fusion-tooltip fusion-facebook awb-icon-facebook\" style=\"color:#bebdbd;font-size:25px;\" data-placement=\"top\" data-title=\"Facebook\" data-toggle=\"tooltip\" title=\"Facebook\" aria-label=\"facebook\" target=\"_blank\" rel=\"noopener noreferrer\" href=\"https:\/\/www.facebook.com\/DrkAlsbach\/\"><\/a><a class=\"fusion-social-network-icon fusion-tooltip fusion-instagram awb-icon-instagram\" style=\"color:#bebdbd;font-size:25px;\" data-placement=\"top\" data-title=\"Instagram\" data-toggle=\"tooltip\" title=\"Instagram\" aria-label=\"instagram\" target=\"_blank\" rel=\"noopener noreferrer\" href=\"https:\/\/www.instagram.com\/drkalsbach\"><\/a><\/div><\/div><\/div>\n<\/div><div class=\"nav fusion-mobile-tab-nav\"><ul class=\"nav-tabs\" role=\"tablist\"><li role=\"presentation\"><a class=\"tab-link\" data-toggle=\"tab\" role=\"tab\" aria-controls=\"tab-5bd6262687a316c0fb7\" aria-selected=\"false\" tabindex=\"-1\" id=\"mobile-fusion-tab-unterrichtsraum\" href=\"#tab-5bd6262687a316c0fb7\"><h4 class=\"fusion-tab-heading\">Unterrichtsraum<\/h4><\/a><\/li><\/ul><\/div><div class=\"tab-pane fade fusion-clearfix\" role=\"tabpanel\" tabindex=\"0\" aria-labelledby=\"fusion-tab-unterrichtsraum\" id=\"tab-5bd6262687a316c0fb7\">\n<h2 style=\"text-align: center;\"><strong>Unterrichtsraum<\/strong><\/h2>\n<a class=\"awb-lightbox awb-lightbox-8\" href=\"https:\/\/www.feuerwehr-alsbach.de\/wp-content\/uploads\/2020\/01\/unterrichtsraum.jpg\" data-rel=\"iLightbox\"><img decoding=\"async\" src=\"https:\/\/www.feuerwehr-alsbach.de\/wp-content\/uploads\/2020\/01\/unterrichtsraum.jpg\"><\/a>Der Unterrichtsraum wird f\u00fcr diverse Veranstaltungen genutzt. Zum Beispiel: Unterrichte, Jahreshauptversammlungen, Sitzungen, Besprechungen, Erste Hilfe Kurse, Lehrg\u00e4nge usw.<\/p>\n<\/div><div class=\"nav fusion-mobile-tab-nav\"><ul class=\"nav-tabs\" role=\"tablist\"><li role=\"presentation\"><a class=\"tab-link\" data-toggle=\"tab\" role=\"tab\" aria-controls=\"tab-8af8f41e297b3f7658d\" aria-selected=\"false\" tabindex=\"-1\" id=\"mobile-fusion-tab-aufenthaltsraum\" href=\"#tab-8af8f41e297b3f7658d\"><h4 class=\"fusion-tab-heading\">Aufenthaltsraum<\/h4><\/a><\/li><\/ul><\/div><div class=\"tab-pane fade fusion-clearfix\" role=\"tabpanel\" tabindex=\"0\" aria-labelledby=\"fusion-tab-aufenthaltsraum\" id=\"tab-8af8f41e297b3f7658d\">\n<h2 style=\"text-align: center;\"><strong>Aufenthaltsraum<\/strong><\/h2>\n<a class=\"awb-lightbox awb-lightbox-9\" href=\"https:\/\/www.feuerwehr-alsbach.de\/wp-content\/uploads\/2020\/01\/bereitschaftsraum.jpg\" data-rel=\"iLightbox\"><img decoding=\"async\" src=\"https:\/\/www.feuerwehr-alsbach.de\/wp-content\/uploads\/2020\/01\/bereitschaftsraum.jpg\"><\/a> Im Aufenthaltsraum findet man neben Sitzgelegenheiten auch viele Informationen zu aktuellen Themen oder Lehrunterlagen zu zahlreichen Fachthemen.<\/p>\n<\/div><div class=\"nav fusion-mobile-tab-nav\"><ul class=\"nav-tabs\" role=\"tablist\"><li role=\"presentation\"><a class=\"tab-link\" data-toggle=\"tab\" role=\"tab\" aria-controls=\"tab-cd7c0ea46a5853d9e7a\" aria-selected=\"false\" tabindex=\"-1\" id=\"mobile-fusion-tab-au\u00dfenanlage\" href=\"#tab-cd7c0ea46a5853d9e7a\"><h4 class=\"fusion-tab-heading\">Au\u00dfenanlage<\/h4><\/a><\/li><\/ul><\/div><div class=\"tab-pane fade fusion-clearfix\" role=\"tabpanel\" tabindex=\"0\" aria-labelledby=\"fusion-tab-au\u00dfenanlage\" id=\"tab-cd7c0ea46a5853d9e7a\">\n<h2 style=\"text-align: center;\"><strong>Au\u00dfenanlage<\/strong><\/h2>\n<p>Die Au\u00dfenanlage bietet eine gro\u00dfe \u00dcbungsfl\u00e4che f\u00fcr alle Abteilungen, sowie weitere Lagerfl\u00e4che in Form von verschiedenen Garagen.<\/p>\n<\/div><div class=\"nav fusion-mobile-tab-nav\"><ul class=\"nav-tabs\" role=\"tablist\"><li role=\"presentation\"><a class=\"tab-link\" data-toggle=\"tab\" role=\"tab\" aria-controls=\"tab-3cead938c95243d5678\" aria-selected=\"false\" tabindex=\"-1\" id=\"mobile-fusion-tab-keller\" href=\"#tab-3cead938c95243d5678\"><h4 class=\"fusion-tab-heading\">Keller<\/h4><\/a><\/li><\/ul><\/div><div class=\"tab-pane fade fusion-clearfix\" role=\"tabpanel\" tabindex=\"0\" aria-labelledby=\"fusion-tab-keller\" id=\"tab-3cead938c95243d5678\">\n<h2 style=\"text-align: center;\"><strong>Keller<\/strong><\/h2>\n<a class=\"awb-lightbox awb-lightbox-10\" href=\"https:\/\/www.feuerwehr-alsbach.de\/wp-content\/uploads\/2020\/01\/keller.jpg\" data-rel=\"iLightbox\"><img decoding=\"async\" src=\"https:\/\/www.feuerwehr-alsbach.de\/wp-content\/uploads\/2020\/01\/keller.jpg\"><\/a>Dieser bietet ausreichend Platz um in geselliger Runde zusammenzusitzen oder dient als alternativer Raum f\u00fcr Besprechungen.<\/p>\n<\/div><\/div><\/div><div class=\"fusion-clearfix\"><\/div><\/div><\/div><\/div><\/div><div class=\"fusion-fullwidth fullwidth-box fusion-builder-row-3 nonhundred-percent-fullwidth non-hundred-percent-height-scrolling\" style=\"--awb-border-radius-top-left:0px;--awb-border-radius-top-right:0px;--awb-border-radius-bottom-right:0px;--awb-border-radius-bottom-left:0px;--awb-flex-wrap:wrap;\" ><div class=\"fusion-builder-row fusion-row\"><div class=\"fusion-layout-column fusion_builder_column fusion-builder-column-2 fusion_builder_column_1_1 1_1 fusion-one-full fusion-column-first fusion-column-last\" style=\"--awb-bg-size:cover;\"><div class=\"fusion-column-wrapper fusion-column-has-shadow fusion-flex-column-wrapper-legacy\"><div class=\"fusion-title title fusion-title-4 sep-underline sep-solid fusion-title-text fusion-title-size-two\" style=\"--awb-margin-right-small:0px;--awb-margin-bottom-small:10px;--awb-margin-left-small:0px;\"><h2 class=\"fusion-title-heading title-heading-left\" style=\"margin:0;\"><p style=\"text-align: left;\"><i class=\"fb-icon-element-5 fb-icon-element fontawesome-icon fa-history fas circle-no fusion-text-flow\" style=\"--awb-iconcolor:#b31313;--awb-iconcolor-hover:#b31313;--awb-font-size:25px;--awb-margin-right:12.5px;\"><\/i>Historie<\/p><\/h2><\/div><div class=\"fusion-content-boxes content-boxes columns row fusion-columns-5 fusion-columns-total-5 fusion-content-boxes-2 content-boxes-timeline-horizontal content-left content-boxes-icon-on-top content-boxes-timeline-layout fusion-delayed-animation\" style=\"--awb-backgroundcolor:rgba(63,63,63,0);--awb-margin-top:10px;--awb-hover-accent-color:#507291;--awb-circle-hover-accent-color:#507291;\" data-animation-delay=\"350\" data-animationOffset=\"top-into-view\"><div style=\"--awb-backgroundcolor:rgba(63,63,63,0);\" class=\"fusion-column content-box-column content-box-column-1 col-lg-2 col-md-2 col-sm-2 fusion-content-box-hover content-box-column-first-in-row\"><div class=\"col content-box-wrapper content-wrapper link-area-link-icon icon-hover-animation-none fusion-animated\" data-animationType=\"fadeIn\" data-animationDuration=\"0.25\" data-animationOffset=\"top-into-view\"><div class=\"heading heading-with-icon icon-left\"><div class=\"icon\" style=\"-webkit-animation-duration: 350ms;animation-duration: 350ms;\"><i style=\"border-color:#596f80;border-width:1px;background-color:#507291;box-sizing:content-box;height:42px;width:42px;line-height:42px;border-radius:50%;font-size:21px;\" aria-hidden=\"true\" class=\"fontawesome-icon fa-hammer fas circle-yes\"><\/i><\/div><h2 class=\"content-box-heading\" style=\"--h2_typography-font-size:var(--content_box_title_size);line-height:5px;\">1874<\/h2><\/div><div class=\"fusion-clearfix\"><\/div><div class=\"content-container\">\n<p>1874 wurde das erste \u201eSpritzenhaus\u201c in Alsbach gebaut. Es stand in der Lindenstra\u00dfe.<\/p>\n<\/div><div class=\"content-box-shortcode-timeline\" style=\"border-color:rgba(255,255,255,0);top:21px;-webkit-transition-duration: 350ms;animation-duration: 350ms;\"><\/div><\/div><\/div><div style=\"--awb-backgroundcolor:rgba(63,63,63,0);\" class=\"fusion-column content-box-column content-box-column-2 col-lg-2 col-md-2 col-sm-2 fusion-content-box-hover \"><div class=\"col content-box-wrapper content-wrapper link-area-link-icon icon-hover-animation-none fusion-animated\" data-animationType=\"fadeIn\" data-animationDuration=\"0.25\" data-animationOffset=\"top-into-view\"><div class=\"heading heading-with-icon icon-left\"><div class=\"icon\" style=\"-webkit-animation-duration: 350ms;animation-duration: 350ms;\"><i style=\"border-color:#596f80;border-width:1px;background-color:#507291;box-sizing:content-box;height:42px;width:42px;line-height:42px;border-radius:50%;font-size:21px;\" aria-hidden=\"true\" class=\"fontawesome-icon fa-hammer fas circle-yes\"><\/i><\/div><h2 class=\"content-box-heading\" style=\"--h2_typography-font-size:var(--content_box_title_size);line-height:5px;\">1950<\/h2><\/div><div class=\"fusion-clearfix\"><\/div><div class=\"content-container\">\n<p>Am 15. Oktober 1950 konnte der Umbau des Ger\u00e4tehauses in der Lindenstra\u00dfe mit einem 12 Meter hohen Schlauchturm und zwei breiten Toren eingeweiht werden (Bild 1969).<\/p>\n<div class=\"fusion-image-element in-legacy-container\" style=\"--awb-caption-title-font-family:var(--h2_typography-font-family);--awb-caption-title-font-weight:var(--h2_typography-font-weight);--awb-caption-title-font-style:var(--h2_typography-font-style);--awb-caption-title-size:var(--h2_typography-font-size);--awb-caption-title-transform:var(--h2_typography-text-transform);--awb-caption-title-line-height:var(--h2_typography-line-height);--awb-caption-title-letter-spacing:var(--h2_typography-letter-spacing);\"><span class=\" fusion-imageframe imageframe-none imageframe-2 hover-type-zoomin\"><a href=\"https:\/\/www.feuerwehr-alsbach.de\/wp-content\/uploads\/2020\/01\/Wache_1969.jpg\" class=\"fusion-lightbox\" data-rel=\"iLightbox[0f83e0a18ddd271854b]\" data-title=\"Wache_1969\" title=\"Wache_1969\"><img decoding=\"async\" width=\"946\" height=\"782\" src=\"https:\/\/www.feuerwehr-alsbach.de\/wp-content\/uploads\/2020\/01\/Wache_1969.jpg\" alt class=\"img-responsive wp-image-846\" srcset=\"https:\/\/www.feuerwehr-alsbach.de\/wp-content\/uploads\/2020\/01\/Wache_1969-200x165.jpg 200w, https:\/\/www.feuerwehr-alsbach.de\/wp-content\/uploads\/2020\/01\/Wache_1969-400x331.jpg 400w, https:\/\/www.feuerwehr-alsbach.de\/wp-content\/uploads\/2020\/01\/Wache_1969-600x496.jpg 600w, https:\/\/www.feuerwehr-alsbach.de\/wp-content\/uploads\/2020\/01\/Wache_1969-800x661.jpg 800w, https:\/\/www.feuerwehr-alsbach.de\/wp-content\/uploads\/2020\/01\/Wache_1969.jpg 946w\" sizes=\"(max-width: 800px) 100vw, 946px\" \/><\/a><\/span><\/div>\n<\/div><div class=\"content-box-shortcode-timeline\" style=\"border-color:rgba(255,255,255,0);top:21px;-webkit-transition-duration: 350ms;animation-duration: 350ms;\"><\/div><\/div><\/div><div style=\"--awb-backgroundcolor:rgba(63,63,63,0);\" class=\"fusion-column content-box-column content-box-column-3 col-lg-2 col-md-2 col-sm-2 fusion-content-box-hover \"><div class=\"col content-box-wrapper content-wrapper link-area-link-icon icon-hover-animation-none fusion-animated\" data-animationType=\"fadeIn\" data-animationDuration=\"0.25\" data-animationOffset=\"top-into-view\"><div class=\"heading heading-with-icon icon-left\"><div class=\"icon\" style=\"-webkit-animation-duration: 350ms;animation-duration: 350ms;\"><i style=\"border-color:#596f80;border-width:1px;background-color:#507291;box-sizing:content-box;height:42px;width:42px;line-height:42px;border-radius:50%;font-size:21px;\" aria-hidden=\"true\" class=\"fontawesome-icon fa-hammer fas circle-yes\"><\/i><\/div><h2 class=\"content-box-heading\" style=\"--h2_typography-font-size:var(--content_box_title_size);line-height:5px;\">1966<\/h2><\/div><div class=\"fusion-clearfix\"><\/div><div class=\"content-container\">\n<p>1966 wurde das Ger\u00e4tehaus im Ortsteil Sandwiese der Wehr \u00fcbergeben. Mit dem sp\u00e4teren Bau einer Umgehungsstra\u00dfe um den Ortsteil wurde das Ger\u00e4tehaus wieder au\u00dfer Dienst gestellt.<\/p>\n<div class=\"fusion-image-element in-legacy-container\" style=\"--awb-caption-title-font-family:var(--h2_typography-font-family);--awb-caption-title-font-weight:var(--h2_typography-font-weight);--awb-caption-title-font-style:var(--h2_typography-font-style);--awb-caption-title-size:var(--h2_typography-font-size);--awb-caption-title-transform:var(--h2_typography-text-transform);--awb-caption-title-line-height:var(--h2_typography-line-height);--awb-caption-title-letter-spacing:var(--h2_typography-letter-spacing);\"><span class=\" fusion-imageframe imageframe-none imageframe-3 hover-type-none\"><a href=\"https:\/\/www.feuerwehr-alsbach.de\/wp-content\/uploads\/2020\/01\/Wache_Sandwiese.jpg\" class=\"fusion-lightbox\" data-rel=\"iLightbox[9539a207d327c98ceac]\" data-title=\"Wache_Sandwiese\" title=\"Wache_Sandwiese\"><img decoding=\"async\" width=\"768\" height=\"742\" src=\"https:\/\/www.feuerwehr-alsbach.de\/wp-content\/uploads\/2020\/01\/Wache_Sandwiese.jpg\" alt class=\"img-responsive wp-image-848\" srcset=\"https:\/\/www.feuerwehr-alsbach.de\/wp-content\/uploads\/2020\/01\/Wache_Sandwiese-200x193.jpg 200w, https:\/\/www.feuerwehr-alsbach.de\/wp-content\/uploads\/2020\/01\/Wache_Sandwiese-400x386.jpg 400w, https:\/\/www.feuerwehr-alsbach.de\/wp-content\/uploads\/2020\/01\/Wache_Sandwiese-600x580.jpg 600w, https:\/\/www.feuerwehr-alsbach.de\/wp-content\/uploads\/2020\/01\/Wache_Sandwiese.jpg 768w\" sizes=\"(max-width: 800px) 100vw, 768px\" \/><\/a><\/span><\/div>\n<\/div><div class=\"content-box-shortcode-timeline\" style=\"border-color:rgba(255,255,255,0);top:21px;-webkit-transition-duration: 350ms;animation-duration: 350ms;\"><\/div><\/div><\/div><div style=\"--awb-backgroundcolor:rgba(63,63,63,0);\" class=\"fusion-column content-box-column content-box-column-4 col-lg-2 col-md-2 col-sm-2 fusion-content-box-hover \"><div class=\"col content-box-wrapper content-wrapper link-area-link-icon icon-hover-animation-none fusion-animated\" data-animationType=\"fadeIn\" data-animationDuration=\"0.25\" data-animationOffset=\"top-into-view\"><div class=\"heading heading-with-icon icon-left\"><div class=\"icon\" style=\"-webkit-animation-duration: 350ms;animation-duration: 350ms;\"><i style=\"border-color:#596f80;border-width:1px;background-color:#507291;box-sizing:content-box;height:42px;width:42px;line-height:42px;border-radius:50%;font-size:21px;\" aria-hidden=\"true\" class=\"fontawesome-icon fa-hammer fas circle-yes\"><\/i><\/div><h2 class=\"content-box-heading\" style=\"--h2_typography-font-size:var(--content_box_title_size);line-height:5px;\">1974<\/h2><\/div><div class=\"fusion-clearfix\"><\/div><div class=\"content-container\">\n<p>1974 wurde das Ger\u00e4tehaus im Floriansweg 2 in Alsbach eingeweiht. Bei den 3 Jahren dauernden Bauarbeiten demonstrierte die Wehr ihre gemeinschaftliche Geschlossenheit durch die \u00dcbernahme eines Gro\u00dfteils der Bauarbeiten in Selbsthilfe. Neben der Feuerwehr ist auch die DRK Ortsvereinigung Alsbach in dem Geb\u00e4ude untergebracht.<\/p>\n<div class=\"fusion-image-element in-legacy-container\" style=\"--awb-caption-title-font-family:var(--h2_typography-font-family);--awb-caption-title-font-weight:var(--h2_typography-font-weight);--awb-caption-title-font-style:var(--h2_typography-font-style);--awb-caption-title-size:var(--h2_typography-font-size);--awb-caption-title-transform:var(--h2_typography-text-transform);--awb-caption-title-line-height:var(--h2_typography-line-height);--awb-caption-title-letter-spacing:var(--h2_typography-letter-spacing);\"><span class=\" fusion-imageframe imageframe-none imageframe-4 hover-type-none\"><a href=\"https:\/\/www.feuerwehr-alsbach.de\/wp-content\/uploads\/2020\/01\/Wache_1974.jpg\" class=\"fusion-lightbox\" data-rel=\"iLightbox[9f5f1101044de3720a9]\" data-title=\"Wache_1974\" title=\"Wache_1974\"><img decoding=\"async\" width=\"1500\" height=\"670\" src=\"https:\/\/www.feuerwehr-alsbach.de\/wp-content\/uploads\/2020\/01\/Wache_1974.jpg\" alt class=\"img-responsive wp-image-847\" srcset=\"https:\/\/www.feuerwehr-alsbach.de\/wp-content\/uploads\/2020\/01\/Wache_1974-200x89.jpg 200w, https:\/\/www.feuerwehr-alsbach.de\/wp-content\/uploads\/2020\/01\/Wache_1974-400x179.jpg 400w, https:\/\/www.feuerwehr-alsbach.de\/wp-content\/uploads\/2020\/01\/Wache_1974-600x268.jpg 600w, https:\/\/www.feuerwehr-alsbach.de\/wp-content\/uploads\/2020\/01\/Wache_1974-800x357.jpg 800w, https:\/\/www.feuerwehr-alsbach.de\/wp-content\/uploads\/2020\/01\/Wache_1974-1200x536.jpg 1200w, https:\/\/www.feuerwehr-alsbach.de\/wp-content\/uploads\/2020\/01\/Wache_1974.jpg 1500w\" sizes=\"(max-width: 800px) 100vw, 1200px\" \/><\/a><\/span><\/div>\n<\/div><div class=\"content-box-shortcode-timeline\" style=\"border-color:rgba(255,255,255,0);top:21px;-webkit-transition-duration: 350ms;animation-duration: 350ms;\"><\/div><\/div><\/div><div style=\"--awb-backgroundcolor:rgba(63,63,63,0);\" class=\"fusion-column content-box-column content-box-column-5 col-lg-2 col-md-2 col-sm-2 fusion-content-box-hover content-box-column-last content-box-column-last-in-row\"><div class=\"col content-box-wrapper content-wrapper link-area-link-icon icon-hover-animation-none fusion-animated\" data-animationType=\"fadeIn\" data-animationDuration=\"0.25\" data-animationOffset=\"top-into-view\"><div class=\"heading heading-with-icon icon-left\"><div class=\"icon\" style=\"-webkit-animation-duration: 350ms;animation-duration: 350ms;\"><i style=\"border-color:#596f80;border-width:1px;background-color:#507291;box-sizing:content-box;height:42px;width:42px;line-height:42px;border-radius:50%;font-size:21px;\" aria-hidden=\"true\" class=\"fontawesome-icon fa-hammer fas circle-yes\"><\/i><\/div><h2 class=\"content-box-heading\" style=\"--h2_typography-font-size:var(--content_box_title_size);line-height:5px;\">2000<\/h2><\/div><div class=\"fusion-clearfix\"><\/div><div class=\"content-container\">\n<p>Im Jahr 2000 fand eine Erweiterung der Wache statt. Neben einem neuen Unterrichtsraum mit K\u00fcche und Lagerraum wurde auch eine Umkleide gebaut.<\/p>\n<div class=\"fusion-image-element in-legacy-container\" style=\"--awb-caption-title-font-family:var(--h2_typography-font-family);--awb-caption-title-font-weight:var(--h2_typography-font-weight);--awb-caption-title-font-style:var(--h2_typography-font-style);--awb-caption-title-size:var(--h2_typography-font-size);--awb-caption-title-transform:var(--h2_typography-text-transform);--awb-caption-title-line-height:var(--h2_typography-line-height);--awb-caption-title-letter-spacing:var(--h2_typography-letter-spacing);\"><span class=\" fusion-imageframe imageframe-none imageframe-5 hover-type-none\"><a href=\"https:\/\/www.feuerwehr-alsbach.de\/wp-content\/uploads\/2020\/01\/wache_tag-scaled.jpg\" class=\"fusion-lightbox\" data-rel=\"iLightbox[e72c32ccdd75b5caa33]\" data-title=\"wache_tag\" title=\"wache_tag\"><img decoding=\"async\" width=\"2560\" height=\"695\" src=\"https:\/\/www.feuerwehr-alsbach.de\/wp-content\/uploads\/2020\/01\/wache_tag-scaled.jpg\" alt class=\"img-responsive wp-image-575\" srcset=\"https:\/\/www.feuerwehr-alsbach.de\/wp-content\/uploads\/2020\/01\/wache_tag-200x54.jpg 200w, https:\/\/www.feuerwehr-alsbach.de\/wp-content\/uploads\/2020\/01\/wache_tag-400x109.jpg 400w, https:\/\/www.feuerwehr-alsbach.de\/wp-content\/uploads\/2020\/01\/wache_tag-600x163.jpg 600w, https:\/\/www.feuerwehr-alsbach.de\/wp-content\/uploads\/2020\/01\/wache_tag-800x217.jpg 800w, https:\/\/www.feuerwehr-alsbach.de\/wp-content\/uploads\/2020\/01\/wache_tag-1200x326.jpg 1200w, https:\/\/www.feuerwehr-alsbach.de\/wp-content\/uploads\/2020\/01\/wache_tag-scaled.jpg 2560w\" sizes=\"(max-width: 800px) 100vw, 1200px\" \/><\/a><\/span><\/div>\n<\/div><div class=\"content-box-shortcode-timeline\" style=\"border-color:rgba(255,255,255,0);top:21px;-webkit-transition-duration: 350ms;animation-duration: 350ms;\"><\/div><\/div><\/div><div class=\"fusion-clearfix\"><\/div><\/div><div class=\"fusion-clearfix\"><\/div><\/div><\/div><\/div><\/div><\/p>\n","protected":false},"excerpt":{"rendered":"","protected":false},"author":1,"featured_media":0,"parent":418,"menu_order":0,"comment_status":"closed","ping_status":"closed","template":"","meta":{"footnotes":""},"class_list":["post-842","page","type-page","status-publish","hentry"],"_links":{"self":[{"href":"https:\/\/www.feuerwehr-alsbach.de\/index.php?rest_route=\/wp\/v2\/pages\/842","targetHints":{"allow":["GET"]}}],"collection":[{"href":"https:\/\/www.feuerwehr-alsbach.de\/index.php?rest_route=\/wp\/v2\/pages"}],"about":[{"href":"https:\/\/www.feuerwehr-alsbach.de\/index.php?rest_route=\/wp\/v2\/types\/page"}],"author":[{"embeddable":true,"href":"https:\/\/www.feuerwehr-alsbach.de\/index.php?rest_route=\/wp\/v2\/users\/1"}],"replies":[{"embeddable":true,"href":"https:\/\/www.feuerwehr-alsbach.de\/index.php?rest_route=%2Fwp%2Fv2%2Fcomments&post=842"}],"version-history":[{"count":177,"href":"https:\/\/www.feuerwehr-alsbach.de\/index.php?rest_route=\/wp\/v2\/pages\/842\/revisions"}],"predecessor-version":[{"id":3764,"href":"https:\/\/www.feuerwehr-alsbach.de\/index.php?rest_route=\/wp\/v2\/pages\/842\/revisions\/3764"}],"up":[{"embeddable":true,"href":"https:\/\/www.feuerwehr-alsbach.de\/index.php?rest_route=\/wp\/v2\/pages\/418"}],"wp:attachment":[{"href":"https:\/\/www.feuerwehr-alsbach.de\/index.php?rest_route=%2Fwp%2Fv2%2Fmedia&parent=842"}],"curies":[{"name":"wp","href":"https:\/\/api.w.org\/{rel}","templated":true}]}}